{"id":60,"date":"2021-08-30T01:34:45","date_gmt":"2021-08-30T01:34:45","guid":{"rendered":"https:\/\/abenfisio.com.br\/forum\/?page_id=60"},"modified":"2025-09-07T21:23:09","modified_gmt":"2025-09-07T21:23:09","slug":"trabalhos-cientificos","status":"publish","type":"page","link":"https:\/\/abenfisio.com.br\/forum\/trabalhos-cientificos\/","title":{"rendered":"Trabalhos"},"content":{"rendered":"\n<div class=\"wp-block-buttons is-content-justification-center\">\n<div class=\"wp-block-button\"><a class=\"wp-block-button__link has-background\" href=\"https:\/\/abenfisio.com.br\/forum\/wp-content\/uploads\/2025\/09\/Distribuicao_Salas_ABENFISIO_COM-OS-AVALIADORES.pdf\" style=\"background-color:#354579\" target=\"_blank\" rel=\"noreferrer noopener\"><strong>CRONOGRAMA DE APRESENTA\u00c7\u00c3O<\/strong><\/a><\/div>\n<\/div>\n\n\n\n<div class=\"wp-block-buttons is-content-justification-center\">\n<div class=\"wp-block-button\"><a class=\"wp-block-button__link has-background\" href=\"https:\/\/abenfisio.com.br\/forum\/wp-content\/uploads\/2025\/08\/LISTA-TRABALHOS-APROVADOS-CONGRESSO-BRASILEIRO-DE-EDUCAC\u0327A\u0303O-EM-FISIOTERAPIA.pdf\" style=\"background-color:#354579\" target=\"_blank\" rel=\"noreferrer noopener\"><strong>TRABALHOS APROVADOS<\/strong><\/a><\/div>\n<\/div>\n\n\n\n<div class=\"wp-block-buttons is-content-justification-center\">\n<div class=\"wp-block-button\"><a class=\"wp-block-button__link has-background\" href=\"https:\/\/abenfisio.com.br\/forum\/wp-content\/uploads\/2025\/08\/Modelo_Slides_Abenfisio1.pptx\" style=\"background-color:#354579\" target=\"_blank\" rel=\"noreferrer noopener\"><strong>MODELO DE APRESENTA\u00c7\u00c3O<\/strong><\/a><\/div>\n<\/div>\n\n\n\n<div class=\"wp-block-buttons is-content-justification-center\"><\/div>\n\n\n\n<p class=\"has-text-align-center\"><span style=\"color: #354579;\"><strong>NORMAS PARA A ELABORA\u00c7\u00c3O E <span style=\"color: #354579;\">APRESENTA\u00c7\u00c3O<\/span> DOS TRABALHOS<\/strong><\/span><\/p>\n\n\n\n<p><span style=\"color: #354579;\">A ABENFISIO convida a todos os atores envolvidos com a forma\u00e7\u00e3o e desenvolvimento da Fisioterapia a enviarem e compartilharem seus trabalhos cient\u00edficos e experi\u00eancias no cuidado, na forma\u00e7\u00e3o profissional e nas \u00e1reas afins no <strong>XI Congresso Brasileiro de Educa\u00e7\u00e3o em Fisioterapia e XXXIV F\u00f3rum Nacional de Ensino em Fisioterapia, <\/strong>que acontecer\u00e1 na cidade de Salvador entre os dias 10 a 12 de setembro de 2025.<\/span><\/p>\n\n\n\n<p><span style=\"color: #354579;\">A Comiss\u00e3o Cient\u00edfica apresenta os crit\u00e9rios para envio e aceite dos trabalhos cient\u00edficos a serem selecionados para a apresenta\u00e7\u00e3o no evento:<\/span><\/p>\n\n\n\n<ol><li><span style=\"color: #354579;\"><strong>DO PRAZO DE INSCRIC\u0327A\u0303O E DIVULGAC\u0327A\u0303O DO ACEITE<\/strong><\/span><\/li><\/ol>\n\n\n\n<p><span style=\"color: #354579;\">1.1.<strong>&nbsp;&nbsp;Para envio de trabalhos&nbsp;<\/strong>e\u0301 necess\u00e1rio um dos autores estar previamente inscrito no congresso. Somente ser\u00e3o aceitos at\u00e9 2 (dois) trabalhos por inscri\u00e7\u00e3o, n\u00e3o havendo limite para coautor. A formata\u00e7\u00e3o dos trabalhos (resumo) e a apresenta\u00e7\u00e3o devem estar de acordo com as normas do evento.<\/span><\/p>\n\n\n\n<p><span style=\"color: #354579;\">1.2.<strong>&nbsp;&nbsp;Data limite&nbsp;<\/strong>para envio dos trabalhos:&nbsp;<strong>01\/08\/2025. <\/strong>Informamos, ainda, que n\u00e3o haver\u00e1 prorroga\u00e7\u00e3o da data para a submiss\u00e3o de trabalhos.<\/span><\/p>\n\n\n\n<p><span style=\"color: #354579;\">1.3.<strong>&nbsp;&nbsp;Data de divulga\u00e7\u00e3o dos resultados:&nbsp;<\/strong>a sele\u00e7\u00e3o dos trabalhos enviados ser\u00e1 divulgada pela Comiss\u00e3o de Sele\u00e7\u00e3o de Trabalhos Cient\u00edficos at\u00e9 <strong><u>15\/08\/2025.<\/u><\/strong><\/span><\/p>\n\n\n\n<p><span style=\"color: #354579;\">1.4. &nbsp;<strong>E-mail para contato<\/strong>: <a href=\"mailto:abenfisioregionalba@gmail.com\">abenfisioregionalba@gmail.com<\/a><\/span><\/p>\n\n\n\n<p><span style=\"color: #354579;\">1.5. &nbsp;A submiss\u00e3o dos trabalhos sera\u0301 feita exclusivamente atrav\u00e9s da \u00e1rea restrita do site do evento.<\/span><\/p>\n\n\n\n<p><span style=\"color: #354579;\">1.6.<strong>&nbsp;&nbsp;<\/strong>Na submiss\u00e3o do resumo, e\u0301 necess\u00e1rio identificar a \u00e1rea tem\u00e1tica (<strong>Item 5<\/strong>) na qual o trabalho ser\u00e1 inserido.<\/span><\/p>\n\n\n\n<ol start=\"2\"><li><span style=\"color: #354579;\"><strong>DO ACEITE PARA SELEC\u0327A\u0303O<\/strong><\/span><\/li><\/ol>\n\n\n\n<p><span style=\"color: #354579;\">2.1. &nbsp;<strong>No ato do envio do trabalho o autor apresentador devera\u0301 estar inscrito no evento.&nbsp;<\/strong>O pagamento da inscri\u00e7\u00e3o poder\u00e1 ser realizado posterior a submiss\u00e3o do trabalho.&nbsp;<\/span><\/p>\n\n\n\n<p><span style=\"color: #354579;\">2.2. &nbsp;Os trabalhos enviados devem ser inseridos com as seguintes informac\u0327o\u0303es: ti\u0301tulo, autor(es), instituic\u0327a\u0303o(o\u0303es), enderec\u0327o eletro\u0302nico para contato e resumo estruturado.<\/span><\/p>\n\n\n\n<p><span style=\"color: #354579;\">2.3. &nbsp;<strong><u>N\u00e3o<\/u><\/strong>&nbsp;devera\u0301 ser informada a titula\u00e7\u00e3o do(s) autor(es).<\/span><\/p>\n\n\n\n<p><span style=\"color: #354579;\">2.4. &nbsp;O envio do resumo representa o compromisso definitivo de um dos autores em apresentar o trabalho, se aceito, durante o evento.<\/span><\/p>\n\n\n\n<p><span style=\"color: #354579;\">2.5. &nbsp;Sera\u0301 considerado como autor principal aquele participante que realize a submissa\u0303o do(s) trabalho(s) no sistema.<\/span><\/p>\n\n\n\n<p><span style=\"color: #354579;\">2.6. &nbsp;Caso o apresentador do trabalho aprovado n\u00e3o seja o autor principal, a comiss\u00e3o cient\u00edfica&nbsp;<u>n\u00e3o<\/u>&nbsp;se responsabilizara\u0301 por eventual conflito de hor\u00e1rios no momento da apresenta\u00e7\u00e3o.<\/span><\/p>\n\n\n\n<p><span style=\"color: #354579;\">2.7. &nbsp;Os autores autorizam a Comiss\u00e3o Cientifica e Organizadora do evento a publicar e\/ou divulgar o resumo e a apresenta\u00e7\u00e3o com a finalidade da socializa\u00e7\u00e3o da produ\u00e7\u00e3o cient\u00edfica apresentada, em \u00e2mbito nacional, internacional e em todos os meios de comunica\u00e7\u00e3o, n\u00e3o cabendo qualquer pagamento por direito autoral.<\/span><\/p>\n\n\n\n<p><span style=\"color: #354579;\">2.8. &nbsp;A Comiss\u00e3o de Sele\u00e7\u00e3o de Trabalhos Cient\u00edficos fara\u0301 a aprecia\u00e7\u00e3o dos trabalhos e selecionara\u0301 somente aqueles que estiverem de acordo com as normas estabelecidas.<\/span><\/p>\n\n\n\n<p><span style=\"color: #354579;\">2.9. &nbsp;Os resumos que n\u00e3o atenderem \u00e0s regras de formata\u00e7\u00e3o (estrutura\u00e7\u00e3o do texto e quantidade de caracteres) ser\u00e3o automaticamente reprovados.<\/span><\/p>\n\n\n\n<p><span style=\"color: #354579;\">2.10. &nbsp;A apresenta\u00e7\u00e3o dos trabalhos&nbsp;<u>ser\u00e1 nas modalidades comunica\u00e7\u00e3o oral e poster<\/u>, com data e hor\u00e1rio previamente determinados pela Comiss\u00e3o.<\/span><\/p>\n\n\n\n<p><span style=\"color: #354579;\">2.11. O resultado da avalia\u00e7\u00e3o da Comiss\u00e3o de Sele\u00e7\u00e3o de Trabalhos estar\u00e1 dispon\u00edvel na \u00e1rea restrita do autor respons\u00e1vel no site, e tamb\u00e9m atrav\u00e9s de lista divulgada no site do evento.<\/span><\/p>\n\n\n\n<p><span style=\"color: #354579;\">2.12. &nbsp;A apresenta\u00e7\u00e3o e a publica\u00e7\u00e3o dos resumos selecionados estar\u00e3o condicionadas ao pagamento da taxa de inscri\u00e7\u00e3o ate\u0301 a data limite de&nbsp;<strong><u>02\/09\/2025.<\/u><\/strong><\/span><\/p>\n\n\n\n<ol start=\"3\"><li><span style=\"color: #354579;\"><strong>DAS REGRAS PARA ENVIO<\/strong><\/span><\/li><\/ol>\n\n\n\n<p><span style=\"color: #354579;\">3.1. Os resumos ser\u00e3o inseridos em duas grandes categorias:&nbsp;<strong>TRABALHO DE PESQUISA&nbsp;<\/strong>ou&nbsp;<strong>RELATO DE EXPERIE\u0302NCIA<\/strong>.<\/span><\/p>\n\n\n\n<p><span style=\"color: #354579;\">3.2. &nbsp;Em ambas as categorias indicar inicialmente o t\u00edtulo do trabalho, seguido dos autores (separados por ponto e v\u00edrgula), nome da institui\u00e7\u00e3o por extenso, e endere\u00e7o eletr\u00f4nico.<\/span><\/p>\n\n\n\n<p><span style=\"color: #354579;\">3.3. &nbsp;Os nomes dos autores devera\u0303o ser inseridos identificando primeiramente o nome, e em seguida o sobrenome, sendo a primeira letra maiu\u0301scula e as demais minu\u0301sculas, sem abreviac\u0327a\u0303o, (ex: Marcelo Silva Arau\u0301jo). Quando houver mais de um autor, separa\u0301-los por ponto e vi\u0301rgula (ex. Marcelo Silva Ara\u00fajo; Fernanda Peterle Mazotti).<\/span><\/p>\n\n\n\n<p><span style=\"color: #354579;\">3.4. Os resumos devera\u0303o conter no&nbsp;<strong>ma\u0301ximo<\/strong>&nbsp;<strong>8 (oito) autores<\/strong>.<\/span><\/p>\n\n\n\n<p><span style=\"color: #354579;\">3.5. &nbsp;Indicar a(s) instituic\u0327a\u0303o(o\u0303es) de origem onde o trabalho foi realizado. As palavras devera\u0303o ser escritas com a letra inicial maiu\u0301scula e as demais em minu\u0301sculas, seguido pela sigla da instituic\u0327a\u0303o, (ex. Universidade Federal do Amazonas \u2013 UFAM).<\/span><\/p>\n\n\n\n<p><span style=\"color: #354579;\">3.6. &nbsp;<strong>Ti\u0301tulo&nbsp;<\/strong>\u2013 descrito em letras maiu\u0301sculas (CAIXA ALTA).<\/span><\/p>\n\n\n\n<p><span style=\"color: #354579;\">3.7. Os resumos inseridos na categoria \u201c<em>TRABALHO DE PESQUISA<\/em>\u201d devera\u0303o conter os seguintes elementos estruturais:&nbsp;<strong>Introduc\u0327a\u0303o\/ Objetivos\/ M\u00e9todos\/ Resultados\/ Conclusa\u0303o.<\/strong><\/span><\/p>\n\n\n\n<p><span style=\"color: #354579;\">3.7.1.&nbsp;<strong>Introduc\u0327a\u0303o<\/strong>: devera\u0301 conter uma visa\u0303o geral do trabalho, contendo o material teo\u0301rico que de\u0302 subsi\u0301dios ao mesmo, com justificativa lo\u0301gica e baseada na literatura.<\/span><\/p>\n\n\n\n<p><span style=\"color: #354579;\">3.7.2.&nbsp;<strong>Objetivos<\/strong>: devem expor claramente a finalidade do trabalho.<\/span><\/p>\n\n\n\n<p><span style=\"color: #354579;\">3.7.3.&nbsp;<strong>M\u00e9todos<\/strong>: devera\u0301 ser apresentada de forma clara e concisa os procedimentos de coleta e ana\u0301lise dos dados.<\/span><\/p>\n\n\n\n<p><span style=\"color: #354579;\">3.7.4.&nbsp;<strong>Resultados<\/strong>: apresentac\u0327a\u0303o dos dados obtidos com o estudo.<\/span><\/p>\n\n\n\n<p><span style=\"color: #354579;\">3.7.5.&nbsp;<strong>Conclusa\u0303o<\/strong>: confirma ou refuta os objetivos do trabalho.<\/span><\/p>\n\n\n\n<p><span style=\"color: #354579;\">3.8. &nbsp;Para os resumos inseridos na categoria \u201c<em>RELATOS DE EXPERIE\u0302NCIAS<\/em>\u201d, utilizar os seguintes elementos estruturais:&nbsp;<strong>Introduc\u0327a\u0303o\/ Descric\u0327a\u0303o da experie\u0302ncia\/ Impactos\/ Considerac\u0327o\u0303es finais.<\/strong><\/span><\/p>\n\n\n\n<p><span style=\"color: #354579;\">3.8.1.&nbsp;<strong>Introduc\u0327a\u0303o<\/strong>: devera\u0301 conter uma visa\u0303o geral do trabalho, contendo o material teo\u0301rico que de\u0302 subsi\u0301dios ao mesmo, com justificativa lo\u0301gica e baseada na literatura.<\/span><\/p>\n\n\n\n<p><span style=\"color: #354579;\">3.8.2.&nbsp;<strong>Descric\u0327a\u0303o da experie\u0302ncia<\/strong>: devem expor claramente a experie\u0302ncia do trabalho.<\/span><\/p>\n\n\n\n<p><span style=\"color: #354579;\">3.8.3.&nbsp;<strong>Impactos:&nbsp;<\/strong>Relatar os impactos da experie\u0302ncia na realidade do autor.<\/span><\/p>\n\n\n\n<p><span style=\"color: #354579;\">3.8.4.&nbsp;<strong>Considerac\u0327o\u0303es finais:&nbsp;<\/strong>colocar claramente suas considerac\u0327o\u0303es a respeito da experie\u0302ncia vivida.<\/span><\/p>\n\n\n\n<p><span style=\"color: #354579;\">3.9. &nbsp;Os resumos devem conter um mi\u0301nimo de 250 e ma\u0301ximo de 500 palavras (n\u00e3o contar as divis\u00f5es de sess\u00e3o \u2013 introdu\u00e7\u00e3o; m\u00e9todos).<\/span><\/p>\n\n\n\n<p><span style=\"color: #354579;\">3.10. &nbsp;N\u00e3o ser\u00e3o aceitos resumos que apresentem quaisquer informa\u00e7\u00f5es capazes de identificar seus autores, assim como \u00e9 vedada a indica\u00e7\u00e3o de titula\u00e7\u00e3o ou cargo dos autores no trabalho enviado.<\/span><\/p>\n\n\n\n<p><span style=\"color: #354579;\">3.11. &nbsp;Nos resumos enviados, NA\u0303O devem ser inclu\u00eddos REFER\u00caNCIAS BIBLIOGR\u00c1FICAS, GRA\u0301FICOS, FIGURAS ou qualquer outro recurso visual.<\/span><\/p>\n\n\n\n<p><span style=\"color: #354579;\">3.12. &nbsp;O na\u0303o cumprimento das normas estabelecidas, assim como a presenc\u0327a de erros de digitac\u0327a\u0303o, linguagem ou grama\u0301tica sera\u0303o motivo para a NA\u0303O ACEITAC\u0327A\u0303O do trabalho por parte da Comissa\u0303o de Selec\u0327a\u0303o de Trabalhos Cienti\u0301ficos.<\/span><\/p>\n\n\n\n<p><span style=\"color: #354579;\">3.13. &nbsp;Em caso de du\u0301vidas sobre o envio de trabalhos, entre em contato conosco: abenfisioregionalba@gmail.com<\/span><\/p>\n\n\n\n<ol start=\"4\"><li><span style=\"color: #354579;\"><strong>DA MODALIDADE DE APRESENTAC\u0327A\u0303O<\/strong><\/span><\/li><\/ol>\n\n\n\n<p><span style=\"color: #354579;\">4.1. Os trabalhos aprovados no XXXIV F\u00f3rum Nacional de Ensino em Fisioterapia e XI Congresso Brasileiro de Educa\u00e7\u00e3o em Fisioterapia dever\u00e3o ser apresentados nas modalidades comunica\u00e7\u00e3o oral ou p\u00f4ster ( a modalidade ser\u00e1 definida pela comiss\u00e3o cient\u00edfica).<\/span><\/p>\n\n\n\n<p><span style=\"color: #354579;\">4.2. Os trabalhos submetidos por participantes inscritos na modalidade de participa\u00e7\u00e3o online, ser\u00e3o apresentados exclusivamente na modalidade comunica\u00e7\u00e3o oral.<\/span><\/p>\n\n\n\n<p><span style=\"color: #354579;\">4.3 Os resumos aceitos ser\u00e3o apresentados em hor\u00e1rio pr\u00e9-determinado pela Comiss\u00e3o Cient\u00edfica, a ser divulgado at\u00e9 o dia&nbsp;<strong><u>05\/09\/2025.<\/u><\/strong><\/span><\/p>\n\n\n\n<p><span style=\"color: #354579;\">4.3.1. A solicita\u00e7\u00e3o de troca autorizada exclusivamente por conflito de hor\u00e1rio de apresenta\u00e7\u00e3o, dever\u00e1 ser solicitada exclusivamente pelo e-mail da comiss\u00e3o cient\u00edfica (abenfisioregionalba@gmail.com), at\u00e9 a data limite de&nbsp;<strong><u>08\/09\/2025.<\/u><\/strong>&nbsp;<\/span><\/p>\n\n\n\n<p><span style=\"color: #354579;\">4.4. Os trabalhos ser\u00e3o agrupados por temas, ordenando a disposi\u00e7\u00e3o das apresenta\u00e7\u00f5es em salas tem\u00e1ticas.<\/span><\/p>\n\n\n\n<p><span style=\"color: #354579;\">4.5. A revis\u00e3o dos resumos submetidos \u00e9 recomendada, como um exerc\u00edcio que possibilite o entendimento, oferecendo aos avaliadores e interessados uma reflex\u00e3o acerca das experi\u00eancias e pesquisas, articuladas com os temas do evento.<\/span><\/p>\n\n\n\n<p><span style=\"color: #354579;\">4.6. No tangente \u00e0 apresenta\u00e7\u00e3o:<\/span><\/p>\n\n\n\n<p><span style=\"color: #354579;\">4.6.1. S\u00f3 ser\u00e1 permitido como apresentador o autor que estiver inscrito no evento.<\/span><\/p>\n\n\n\n<p><span style=\"color: #354579;\">4.6.2. O (s) autor (es) devem estar no local de apresenta\u00e7\u00e3o correspondente no momento designado para explana\u00e7\u00e3o do trabalho aos avaliadores e interessados.<\/span><\/p>\n\n\n\n<p><span style=\"color: #354579;\">4.6.3. O poster dever\u00e1 seguir as seguintes especifica\u00e7\u00f5es:<\/span><\/p>\n\n\n\n<p><span style=\"color: #354579;\">4.6.3.1. Dimens\u00f5es: 90 cm de largura e 120 cm de altura.<\/span><\/p>\n\n\n\n<p><span style=\"color: #354579;\">4.6.3.2. Conter a logo do evento, da(s) institui\u00e7\u00e3o(\u00f5es) de afilia\u00e7\u00e3o dos autores e de institui\u00e7\u00f5es de fomento, quando houver.<\/span><\/p>\n\n\n\n<p><span style=\"color: #354579;\">4.6.3.3. Recomenda-se aten\u00e7\u00e3o na escolha da fonte e tamanho, para que seja poss\u00edvel a adequada leitura do conte\u00fado.<\/span><\/p>\n\n\n\n<p><span style=\"color: #354579;\">4.6.3.4. O t\u00edtulo deve estar centralizado em fonte maior que o texto; abaixo (deixando uma linha de espa\u00e7o, aproximadamente) devera\u0301 conter o nome dos autores, sublinhando o nome do apresentador. Quando houver mais de um autor, separa\u0301-los por ponto e v\u00edrgula. Dever\u00e3o ser citadas as respectivas institui\u00e7\u00f5es de origem dos autores, e os dados para contato eletr\u00f4nico.<\/span><\/p>\n\n\n\n<p><span style=\"color: #354579;\">4.6.4. A comiss\u00e3o disponibilizar\u00e1 suporte para a disposi\u00e7\u00e3o dos banners, mas todo material necess\u00e1rio para fixa\u00e7\u00e3o \u00e9 de inteira responsabilidade do(s) autor(es).<\/span><\/p>\n\n\n\n<p><span style=\"color: #354579;\">4.6.5 A comunica\u00e7\u00e3o oral ser\u00e1 realizada em salas previamente informadas, os autores respons\u00e1veis pela apresenta\u00e7\u00e3o dever\u00e3o enviar a apresenta\u00e7\u00e3o por e-mail impreterivelmente at\u00e9 o dia <strong>05\/09\/2025<\/strong> para o email:<a style=\"color: #354579;\" href=\"mailto:envietrabalho.abenfisio@gmail.com\"> abenfisioregionalba@gmail.com<\/a><\/span><\/p>\n\n\n\n<p><span style=\"color: #354579;\">4.6.6 Os apresentadores ter\u00e3o 8 minutos para apresentar o trabalho e mais cinco minutos de argui\u00e7\u00e3o por parte da banca. Somente ser\u00e1 aceita a apresenta\u00e7\u00e3o de um autor por trabalho.<\/span><\/p>\n\n\n\n<p><span style=\"color: #354579;\">4.6.7 A apresenta\u00e7\u00e3o dever\u00e1 ser feita no formato PowerPoint em modelo disponibilizado pela comiss\u00e3o cient\u00edfica.<\/span><\/p>\n\n\n\n<p><span style=\"color: #354579;\">4.6.8 Pesquisas envolvendo seres humanos ou experimenta\u00e7\u00e3o animal devem ser previamente aprovadas pelos Comit\u00eas de \u00c9tica e Pesquisa das institui\u00e7\u00f5es a que estiverem vinculadas.<\/span><\/p>\n\n\n\n<p><span style=\"color: #354579;\">O conte\u00fado dos trabalhos \u00e9 responsabilidade exclusiva dos autores.<\/span><\/p>\n\n\n\n<ol start=\"5\"><li><span style=\"color: #354579;\"><strong>EIXOS TEMA\u0301TICOS<\/strong><\/span><\/li><\/ol>\n\n\n\n<p><span style=\"color: #354579;\"><strong>Eixo 1 \u2013 Atenc\u0327a\u0303o integral a Sau\u0301de<\/strong><\/span><\/p>\n\n\n\n<p><span style=\"color: #354579;\">1.1. &nbsp;Atenc\u0327a\u0303o a\u0300 sau\u0301de da crianc\u0327a e adolescente<\/span><\/p>\n\n\n\n<p><span style=\"color: #354579;\">1.2. &nbsp;Atenc\u0327a\u0303o a\u0300 sau\u0301de da mulher<\/span><\/p>\n\n\n\n<p><span style=\"color: #354579;\">1.3. &nbsp;Atenc\u0327a\u0303o a\u0300 sau\u0301de do trabalhador<\/span><\/p>\n\n\n\n<p><span style=\"color: #354579;\">1.4. &nbsp;Atenc\u0327a\u0303o a\u0300 sau\u0301de do idoso<\/span><\/p>\n\n\n\n<p><span style=\"color: #354579;\">1.5. &nbsp;O trabalho em equipe na produc\u0327a\u0303o do cuidado<\/span><\/p>\n\n\n\n<p><span style=\"color: #354579;\">1.6. &nbsp;Experie\u0302ncias na Atenc\u0327a\u0303o Secunda\u0301ria e Tercia\u0301ria<\/span><\/p>\n\n\n\n<p><span style=\"color: #354579;\">1.7. &nbsp;Experie\u0302ncias na Atenc\u0327a\u0303o Prima\u0301ria<\/span><\/p>\n\n\n\n<p><span style=\"color: #354579;\">1.8. &nbsp;Outros<\/span><\/p>\n\n\n\n<p><span style=\"color: #354579;\"><strong>Eixo 2 \u2013 Formac\u0327a\u0303o e Educac\u0327a\u0303o Permanente<\/strong><\/span><\/p>\n\n\n\n<p><span style=\"color: #354579;\">2.1. Metodologias ativas na formac\u0327a\u0303o de trabalhadores de sau\u0301de<\/span><\/p>\n\n\n\n<p><span style=\"color: #354579;\">2.2. Interac\u0327a\u0303o ensino \/ servic\u0327o \/ comunidade<\/span><\/p>\n\n\n\n<p><span style=\"color: #354579;\">2.3. Experie\u0302ncias inovadoras nos projetos pedago\u0301gicos da graduac\u0327a\u0303o<\/span><\/p>\n\n\n\n<p><span style=\"color: #354579;\">2.4. Pra\u0301ticas inovadoras na formac\u0327a\u0303o para o SUS<\/span><\/p>\n\n\n\n<p><span style=\"color: #354579;\">2.5. Poli\u0301ticas de Educac\u0327a\u0303o e Sau\u0301de: PET Sau\u0301de, Pro\u0301-Sau\u0301de, etc.<\/span><\/p>\n\n\n\n<p><span style=\"color: #354579;\">2.6. Reside\u0302ncia multiprofissional<\/span><\/p>\n\n\n\n<p><span style=\"color: #354579;\">2.7. Outros<\/span><\/p>\n\n\n\n<p><span style=\"color: #354579;\"><strong>Eixo 3 \u2013 Gesta\u0303o<\/strong><\/span><\/p>\n\n\n\n<p><span style=\"color: #354579;\">3.1. Gesta\u0303o em Servic\u0327os Pu\u0301blicos<\/span><\/p>\n\n\n\n<p><span style=\"color: #354579;\">3.2. Gesta\u0303o em Servic\u0327os Privados<\/span><\/p>\n\n\n\n<p><span style=\"color: #354579;\">3.3. Outros<\/span><\/p>\n\n\n\n<p><span style=\"color: #354579;\"><strong>Eixo 4 \u2013 Participac\u0327a\u0303o e Controle Social<\/strong><\/span><\/p>\n\n\n\n<p><span style=\"color: #354579;\">4.1. Controle Social<\/span><\/p>\n\n\n\n<p><span style=\"color: #354579;\">4.2. Articulac\u0327a\u0303o servic\u0327o e comunidade<\/span><\/p>\n\n\n\n<p><span style=\"color: #354579;\">4.3. Experie\u0302ncia de Controle Social e de Gesta\u0303o<\/span><\/p>\n\n\n\n<p><span style=\"color: #354579;\">4.4. Outros<\/span><\/p>\n\n\n\n<ol start=\"6\"><li><span style=\"color: #354579;\"><strong> PRAZOS IMPORTANTES<\/strong><\/span><\/li><\/ol>\n\n\n\n<figure class=\"wp-block-table\"><table class=\"has-text-color\" style=\"color:#354579\"><tbody><tr><td class=\"has-text-align-center\" data-align=\"center\"><strong>Atividade<\/strong><\/td><td class=\"has-text-align-center\" data-align=\"center\"><strong>Prazo Limite<\/strong><\/td><\/tr><tr><td class=\"has-text-align-center\" data-align=\"center\">Envio de trabalhos<\/td><td class=\"has-text-align-center\" data-align=\"center\">01\/08\/2025<\/td><\/tr><tr><td class=\"has-text-align-center\" data-align=\"center\">Divulga\u00e7\u00e3o dos trabalhos selecionados<\/td><td class=\"has-text-align-center\" data-align=\"center\">15\/08\/2025<\/td><\/tr><tr><td class=\"has-text-align-center\" data-align=\"center\">Pagamento da inscri\u00e7\u00e3o para autores<\/td><td class=\"has-text-align-center\" data-align=\"center\">02\/09\/2025<\/td><\/tr><tr><td class=\"has-text-align-center\" data-align=\"center\">Divulga\u00e7\u00e3o dos hor\u00e1rios de apresenta\u00e7\u00e3o<\/td><td class=\"has-text-align-center\" data-align=\"center\">05\/09\/2025<\/td><\/tr><\/tbody><\/table><\/figure>\n\n\n\n<div class=\"wp-block-buttons is-content-justification-center\"><\/div>\n\n\n\n<p><\/p>\n\n\n\n<p><\/p>\n","protected":false},"excerpt":{"rendered":"<p>NORMAS PARA A ELABORA\u00c7\u00c3O E APRESENTA\u00c7\u00c3O DOS TRABALHOS A ABENFISIO convida a todos os atores envolvidos com a forma\u00e7\u00e3o e desenvolvimento da Fisioterapia a enviarem e compartilharem seus trabalhos cient\u00edficos e experi\u00eancias no cuidado, na forma\u00e7\u00e3o profissional e nas \u00e1reas afins no XI Congresso Brasileiro de Educa\u00e7\u00e3o em Fisioterapia e XXXIV F\u00f3rum Nacional de Ensino <a class=\"more-link\" href=\"https:\/\/abenfisio.com.br\/forum\/trabalhos-cientificos\/\">Read More &#8230;<\/a><\/p>\n","protected":false},"author":2,"featured_media":0,"parent":0,"menu_order":0,"comment_status":"closed","ping_status":"closed","template":"","meta":[],"_links":{"self":[{"href":"https:\/\/abenfisio.com.br\/forum\/wp-json\/wp\/v2\/pages\/60"}],"collection":[{"href":"https:\/\/abenfisio.com.br\/forum\/wp-json\/wp\/v2\/pages"}],"about":[{"href":"https:\/\/abenfisio.com.br\/forum\/wp-json\/wp\/v2\/types\/page"}],"author":[{"embeddable":true,"href":"https:\/\/abenfisio.com.br\/forum\/wp-json\/wp\/v2\/users\/2"}],"replies":[{"embeddable":true,"href":"https:\/\/abenfisio.com.br\/forum\/wp-json\/wp\/v2\/comments?post=60"}],"version-history":[{"count":71,"href":"https:\/\/abenfisio.com.br\/forum\/wp-json\/wp\/v2\/pages\/60\/revisions"}],"predecessor-version":[{"id":535,"href":"https:\/\/abenfisio.com.br\/forum\/wp-json\/wp\/v2\/pages\/60\/revisions\/535"}],"wp:attachment":[{"href":"https:\/\/abenfisio.com.br\/forum\/wp-json\/wp\/v2\/media?parent=60"}],"curies":[{"name":"wp","href":"https:\/\/api.w.org\/{rel}","templated":true}]}}