{"id":9,"date":"2021-08-29T02:14:10","date_gmt":"2021-08-29T02:14:10","guid":{"rendered":"https:\/\/abenfisio.com.br\/forum\/?page_id=9"},"modified":"2025-05-29T00:56:03","modified_gmt":"2025-05-29T00:56:03","slug":"boas-vindas","status":"publish","type":"page","link":"https:\/\/abenfisio.com.br\/forum\/","title":{"rendered":"Boas Vindas"},"content":{"rendered":"\n<p class=\"has-text-align-center has-text-color\" style=\"color:#354579;font-size:26px\">Prezados e prezadas docentes, fisioterapeutas, estudantes<\/p>\n\n\n\n<p class=\"has-text-align-center has-text-color\" style=\"color:#354579;font-size:26px\">\u00c9 com grande alegria que a ABENFISIO d\u00e1 as boas-vindas aos participantes do XXXIV F\u00f3rum Nacional de Ensino em Fisioterapia e ao XI Congresso Brasileiro de Educa\u00e7\u00e3o em Fisioterapia, que neste ano acontecer\u00e1 na encantadora cidade de Salvador, terra acolhedora, alegre e multicultural.<\/p>\n\n\n\n<p class=\"has-text-align-center has-text-color\" style=\"color:#354579;font-size:26px\">Entre os dias 10 e 12 de setembro de 2025, com o\u00a0 tema central: Caminhos e desafios: a forma\u00e7\u00e3o em Fisioterapia\u00a0 para valoriza\u00e7\u00e3o profissional e qualifica\u00e7\u00e3o\u00a0\u00a0do\u00a0cuidado ser\u00e1 um espa\u00e7o de encontros, nosso evento ser\u00e1 um espa\u00e7o de trocas e constru\u00e7\u00e3o coletiva de saberes sobre o futuro da educa\u00e7\u00e3o em Fisioterapia no Brasil. O momento \u00e9 desafiador, vamos juntos reafirmar nosso pacto em defesa da forma\u00e7\u00e3o qualificada, cr\u00edtica, humanizada, pautada na ci\u00eancia e princ\u00edpios \u00e9ticos. Com uma programa\u00e7\u00e3o intensa e inspiradora, reuniremos docentes, estudantes, profissionais e representantes institucionais para refletir sobre temas centrais da nossa pr\u00e1tica educativa.<\/p>\n\n\n\n<p class=\"has-text-align-center has-text-color\" style=\"color:#354579;font-size:26px\">Abrimos o evento com o Encontro das Se\u00e7\u00f5es Estaduais da ABENFISIO, reafirmando nosso compromisso com o fortalecimento regional da nossa associa\u00e7\u00e3o. Nos dias seguintes, os pain\u00e9is tem\u00e1ticos, oficinas de trabalho e apresenta\u00e7\u00f5es de trabalhos e experi\u00eancias comp\u00f5em uma jornada rica em debates, reflex\u00f5es e experi\u00eancias, que integram evid\u00eancias, diversidade e humanidade. E para ampliar o debate, em 2025, nosso evento ter\u00e1 transmiss\u00e3o online em atividades selecionadas, permitindo a participa\u00e7\u00e3o de pessoas de diferentes localidades, superando barreiras geogr\u00e1ficas e financeiras.<\/p>\n\n\n\n<p class=\"has-text-align-center has-text-color\" style=\"color:#354579;font-size:26px\">\u00a0O evento tamb\u00e9m \u00e9 uma celebra\u00e7\u00e3o da nossa hist\u00f3ria, da nossa luta por uma educa\u00e7\u00e3o de qualidade, e da nossa capacidade de inovar e resistir com ci\u00eancia, responsabilidade e compromisso social.<\/p>\n\n\n\n<p class=\"has-text-align-center has-text-color\" style=\"color:#354579;font-size:26px\">Aproveitem cada instante. Partilhem ideias. Fa\u00e7am conex\u00f5es. Sintam-se em casa.<\/p>\n\n\n\n<p class=\"has-text-align-center has-text-color\" style=\"color:#354579;font-size:26px\">Encontramos voc\u00eas no XI Congresso Brasileiro de Educa\u00e7\u00e3o em Fisioterapia!<\/p>\n\n\n\n<p><\/p>\n\n\n\n<p class=\"has-text-align-center\">&nbsp;&nbsp;&nbsp;&nbsp;&nbsp;&nbsp;&nbsp;&nbsp;&nbsp;&nbsp;<\/p>\n","protected":false},"excerpt":{"rendered":"<p>Prezados e prezadas docentes, fisioterapeutas, estudantes \u00c9 com grande alegria que a ABENFISIO d\u00e1 as boas-vindas aos participantes do XXXIV F\u00f3rum Nacional de Ensino em Fisioterapia e ao XI Congresso Brasileiro de Educa\u00e7\u00e3o em Fisioterapia, que neste ano acontecer\u00e1 na encantadora cidade de Salvador, terra acolhedora, alegre e multicultural. Entre os dias 10 e 12 <a class=\"more-link\" href=\"https:\/\/abenfisio.com.br\/forum\/\">Read More &#8230;<\/a><\/p>\n","protected":false},"author":2,"featured_media":0,"parent":0,"menu_order":0,"comment_status":"closed","ping_status":"closed","template":"","meta":[],"_links":{"self":[{"href":"https:\/\/abenfisio.com.br\/forum\/wp-json\/wp\/v2\/pages\/9"}],"collection":[{"href":"https:\/\/abenfisio.com.br\/forum\/wp-json\/wp\/v2\/pages"}],"about":[{"href":"https:\/\/abenfisio.com.br\/forum\/wp-json\/wp\/v2\/types\/page"}],"author":[{"embeddable":true,"href":"https:\/\/abenfisio.com.br\/forum\/wp-json\/wp\/v2\/users\/2"}],"replies":[{"embeddable":true,"href":"https:\/\/abenfisio.com.br\/forum\/wp-json\/wp\/v2\/comments?post=9"}],"version-history":[{"count":16,"href":"https:\/\/abenfisio.com.br\/forum\/wp-json\/wp\/v2\/pages\/9\/revisions"}],"predecessor-version":[{"id":479,"href":"https:\/\/abenfisio.com.br\/forum\/wp-json\/wp\/v2\/pages\/9\/revisions\/479"}],"wp:attachment":[{"href":"https:\/\/abenfisio.com.br\/forum\/wp-json\/wp\/v2\/media?parent=9"}],"curies":[{"name":"wp","href":"https:\/\/api.w.org\/{rel}","templated":true}]}}